{"id":591,"date":"2024-06-14T15:19:31","date_gmt":"2024-06-14T15:19:31","guid":{"rendered":"https:\/\/demo.cmd.cd\/?page_id=591"},"modified":"2024-06-14T15:46:32","modified_gmt":"2024-06-14T15:46:32","slug":"notre-equipe","status":"publish","type":"page","link":"https:\/\/demo.cmd.cd\/en\/notre-equipe\/","title":{"rendered":"Our team"},"content":{"rendered":"<div data-elementor-type=\"wp-page\" data-elementor-id=\"591\" class=\"elementor elementor-591\" data-elementor-post-type=\"page\">\n\t\t\t\t\t\t\t<div class=\"elementor-element elementor-element-ba6f04c e-flex e-con-boxed e-con e-parent\" data-id=\"ba6f04c\" data-element_type=\"container\" data-settings=\"{&quot;content_width&quot;:&quot;boxed&quot;}\" data-core-v316-plus=\"true\">\n\t\t\t\t\t<div class=\"e-con-inner\">\n\t\t<div class=\"elementor-element elementor-element-44398ec e-flex e-con-boxed e-con e-child\" data-id=\"44398ec\" data-element_type=\"container\" data-settings=\"{&quot;content_width&quot;:&quot;boxed&quot;}\">\n\t\t\t\t\t<div class=\"e-con-inner\">\n\t\t\t\t\t<\/div>\n\t\t\t\t<\/div>\n\t\t\t\t\t<\/div>\n\t\t\t\t<\/div>\n\t\t<div class=\"elementor-element elementor-element-df1058f e-flex e-con-boxed e-con e-parent\" data-id=\"df1058f\" data-element_type=\"container\" data-settings=\"{&quot;content_width&quot;:&quot;boxed&quot;}\" data-core-v316-plus=\"true\">\n\t\t\t\t\t<div class=\"e-con-inner\">\n\t\t\t\t<div class=\"elementor-element elementor-element-96a7701 elementor-invisible elementor-widget elementor-widget-eael-image-accordion\" data-id=\"96a7701\" data-element_type=\"widget\" data-settings=\"{&quot;_animation&quot;:&quot;fadeIn&quot;}\" data-widget_type=\"eael-image-accordion.default\">\n\t\t\t\t<div class=\"elementor-widget-container\">\n\t\t\t    <div class=\"eael-img-accordion accordion-direction-horizontal eael-img-accordion-horizontal-align-center eael-img-accordion-vertical-align-bottom\" id=\"eael-img-accordion-96a7701\" data-img-accordion-id=\"96a7701\" data-img-accordion-type=\"on-hover\">\n                    \n            <div class=\"eael-image-accordion-hover eael-image-accordion-item\" style=\"background-image: url(https:\/\/demo.cmd.cd\/wp-content\/uploads\/2024\/06\/1.jpg);\"  tabindex=\"0\">\n                <div class=\"overlay\">\n                    <div class=\"overlay-inner\">\n                        <h2 class=\"img-accordion-title\">Mr Mohamed Tajdin<\/h2>                            <p><p>Pr\u00e9sident du conseil d&rsquo;administration<\/p><\/p>\n                                            <\/div>\n                <\/div>\n            <\/div>\n                    \n            <div class=\"eael-image-accordion-hover eael-image-accordion-item\" style=\"background-image: url(https:\/\/demo.cmd.cd\/wp-content\/uploads\/2024\/06\/2.jpg);\"  tabindex=\"1\">\n                <div class=\"overlay\">\n                    <div class=\"overlay-inner\">\n                        <h2 class=\"img-accordion-title\">Mme Zarina Tajdin<\/h2>                            <p><p>Fondatrice du groupe Clinique Diamant<\/p><\/p>\n                                            <\/div>\n                <\/div>\n            <\/div>\n                    \n            <div class=\"eael-image-accordion-hover eael-image-accordion-item\" style=\"background-image: url(https:\/\/demo.cmd.cd\/wp-content\/uploads\/2024\/06\/3.jpg);\"  tabindex=\"2\">\n                <div class=\"overlay\">\n                    <div class=\"overlay-inner\">\n                        <h2 class=\"img-accordion-title\">Mr Rahim Tajdin<\/h2>                            <p><p>Directeur g\u00e9n\u00e9ral Kinshasa<\/p><\/p>\n                                            <\/div>\n                <\/div>\n            <\/div>\n                    \n            <div class=\"eael-image-accordion-hover eael-image-accordion-item\" style=\"background-image: url(https:\/\/demo.cmd.cd\/wp-content\/uploads\/2024\/06\/4.jpg);\"  tabindex=\"3\">\n                <div class=\"overlay\">\n                    <div class=\"overlay-inner\">\n                        <h2 class=\"img-accordion-title\">Mr Karim Tajdin<\/h2>                            <p><p>Directeur g\u00e9n\u00e9ral Lubumbashi<\/p><\/p>\n                                            <\/div>\n                <\/div>\n            <\/div>\n                <\/div>\n        <style typr=\"text\/css\">\n                    #eael-img-accordion-96a7701 .eael-image-accordion-hover:hover {\n                        flex: 3 1 0% !important;\n                    }\n                    #eael-img-accordion-96a7701 .eael-image-accordion-hover:hover:hover .overlay-inner * {\n                        opacity: 1;\n                        visibility: visible;\n                        transform: none;\n                        transition: all .3s .3s;\n                    }\n                <\/style>\t\t<\/div>\n\t\t\t\t<\/div>\n\t\t\t\t<div class=\"elementor-element elementor-element-a4c93ea elementor-invisible elementor-widget elementor-widget-eael-image-accordion\" data-id=\"a4c93ea\" data-element_type=\"widget\" data-settings=\"{&quot;_animation&quot;:&quot;fadeIn&quot;}\" data-widget_type=\"eael-image-accordion.default\">\n\t\t\t\t<div class=\"elementor-widget-container\">\n\t\t\t    <div class=\"eael-img-accordion accordion-direction-horizontal eael-img-accordion-horizontal-align-center eael-img-accordion-vertical-align-bottom\" id=\"eael-img-accordion-a4c93ea\" data-img-accordion-id=\"a4c93ea\" data-img-accordion-type=\"on-hover\">\n                    \n            <div class=\"eael-image-accordion-hover eael-image-accordion-item\" style=\"background-image: url(https:\/\/demo.cmd.cd\/wp-content\/uploads\/2024\/06\/5.jpg);\"  tabindex=\"0\">\n                <div class=\"overlay\">\n                    <div class=\"overlay-inner\">\n                        <h2 class=\"img-accordion-title\">Mme Kamila Nazari<\/h2>                            <p><p>Directrice ex\u00e9cutive Kinshasa<\/p><\/p>\n                                            <\/div>\n                <\/div>\n            <\/div>\n                    \n            <div class=\"eael-image-accordion-hover eael-image-accordion-item\" style=\"background-image: url(https:\/\/demo.cmd.cd\/wp-content\/uploads\/2024\/06\/6.jpg);\"  tabindex=\"1\">\n                <div class=\"overlay\">\n                    <div class=\"overlay-inner\">\n                        <h2 class=\"img-accordion-title\">Mme Nurin Tajdin<\/h2>                            <p><p>Directrice ex\u00e9cutive<\/p><\/p>\n                                            <\/div>\n                <\/div>\n            <\/div>\n                    \n            <div class=\"eael-image-accordion-hover eael-image-accordion-item\" style=\"background-image: url(https:\/\/demo.cmd.cd\/wp-content\/uploads\/2024\/06\/7.jpg);\"  tabindex=\"2\">\n                <div class=\"overlay\">\n                    <div class=\"overlay-inner\">\n                        <h2 class=\"img-accordion-title\">Patricia Malila<\/h2>                            <p><p>Directrice des soins infirmiers<\/p><\/p>\n                                            <\/div>\n                <\/div>\n            <\/div>\n                    \n            <div class=\"eael-image-accordion-hover eael-image-accordion-item\" style=\"background-image: url(https:\/\/demo.cmd.cd\/wp-content\/uploads\/2024\/06\/8.jpg);\"  tabindex=\"3\">\n                <div class=\"overlay\">\n                    <div class=\"overlay-inner\">\n                        <h2 class=\"img-accordion-title\">Mohamad Ali Khalife<\/h2>                            <p><p>Sous-directeur responsable des audits infirmiers<\/p><\/p>\n                                            <\/div>\n                <\/div>\n            <\/div>\n                <\/div>\n        <style typr=\"text\/css\">\n                    #eael-img-accordion-a4c93ea .eael-image-accordion-hover:hover {\n                        flex: 3 1 0% !important;\n                    }\n                    #eael-img-accordion-a4c93ea .eael-image-accordion-hover:hover:hover .overlay-inner * {\n                        opacity: 1;\n                        visibility: visible;\n                        transform: none;\n                        transition: all .3s .3s;\n                    }\n                <\/style>\t\t<\/div>\n\t\t\t\t<\/div>\n\t\t\t\t<div class=\"elementor-element elementor-element-08cc74f elementor-invisible elementor-widget elementor-widget-eael-image-accordion\" data-id=\"08cc74f\" data-element_type=\"widget\" data-settings=\"{&quot;_animation&quot;:&quot;fadeIn&quot;}\" data-widget_type=\"eael-image-accordion.default\">\n\t\t\t\t<div class=\"elementor-widget-container\">\n\t\t\t    <div class=\"eael-img-accordion accordion-direction-horizontal eael-img-accordion-horizontal-align-center eael-img-accordion-vertical-align-bottom\" id=\"eael-img-accordion-08cc74f\" data-img-accordion-id=\"08cc74f\" data-img-accordion-type=\"on-hover\">\n                    \n            <div class=\"eael-image-accordion-hover eael-image-accordion-item\" style=\"background-image: url(https:\/\/demo.cmd.cd\/wp-content\/uploads\/2024\/06\/9.jpg);\"  tabindex=\"0\">\n                <div class=\"overlay\">\n                    <div class=\"overlay-inner\">\n                        <h2 class=\"img-accordion-title\">Marie-Th\u00e9r\u00e8se Kyena<\/h2>                            <p><p>Sous-directrice responsable soins infirmiers<\/p><\/p>\n                                            <\/div>\n                <\/div>\n            <\/div>\n                    \n            <div class=\"eael-image-accordion-hover eael-image-accordion-item\" style=\"background-image: url(https:\/\/demo.cmd.cd\/wp-content\/uploads\/2024\/06\/10.jpg);\"  tabindex=\"1\">\n                <div class=\"overlay\">\n                    <div class=\"overlay-inner\">\n                        <h2 class=\"img-accordion-title\">Anwar Ben Abdellah<\/h2>                            <p><p>Chef de service des soins infirmiers<\/p><\/p>\n                                            <\/div>\n                <\/div>\n            <\/div>\n                    \n            <div class=\"eael-image-accordion-hover eael-image-accordion-item\" style=\"background-image: url(https:\/\/demo.cmd.cd\/wp-content\/uploads\/2024\/06\/11.jpg);\"  tabindex=\"2\">\n                <div class=\"overlay\">\n                    <div class=\"overlay-inner\">\n                        <h2 class=\"img-accordion-title\">Haridja Isiaka<\/h2>                            <p><p>Cheffe du secr\u00e9tariat<\/p><\/p>\n                                            <\/div>\n                <\/div>\n            <\/div>\n                    \n            <div class=\"eael-image-accordion-hover eael-image-accordion-item\" style=\"background-image: url(https:\/\/demo.cmd.cd\/wp-content\/uploads\/2024\/06\/12.jpg);\"  tabindex=\"3\">\n                <div class=\"overlay\">\n                    <div class=\"overlay-inner\">\n                        <h2 class=\"img-accordion-title\">Cheffi Houssem Eddine<\/h2>                            <p><p>Gestionnaire de projets et responsable des dossiers l\u00e9gaux et fiscaux<\/p><\/p>\n                                            <\/div>\n                <\/div>\n            <\/div>\n                <\/div>\n        <style typr=\"text\/css\">\n                    #eael-img-accordion-08cc74f .eael-image-accordion-hover:hover {\n                        flex: 3 1 0% !important;\n                    }\n                    #eael-img-accordion-08cc74f .eael-image-accordion-hover:hover:hover .overlay-inner * {\n                        opacity: 1;\n                        visibility: visible;\n                        transform: none;\n                        transition: all .3s .3s;\n                    }\n                <\/style>\t\t<\/div>\n\t\t\t\t<\/div>\n\t\t\t\t<div class=\"elementor-element elementor-element-f192330 elementor-invisible elementor-widget elementor-widget-eael-image-accordion\" data-id=\"f192330\" data-element_type=\"widget\" data-settings=\"{&quot;_animation&quot;:&quot;fadeIn&quot;}\" data-widget_type=\"eael-image-accordion.default\">\n\t\t\t\t<div class=\"elementor-widget-container\">\n\t\t\t    <div class=\"eael-img-accordion accordion-direction-horizontal eael-img-accordion-horizontal-align-center eael-img-accordion-vertical-align-bottom\" id=\"eael-img-accordion-f192330\" data-img-accordion-id=\"f192330\" data-img-accordion-type=\"on-hover\">\n                    \n            <div class=\"eael-image-accordion-hover eael-image-accordion-item\" style=\"background-image: url(https:\/\/demo.cmd.cd\/wp-content\/uploads\/2024\/06\/13.jpg);\"  tabindex=\"0\">\n                <div class=\"overlay\">\n                    <div class=\"overlay-inner\">\n                        <h2 class=\"img-accordion-title\">Omar Daly<\/h2>                            <p><p>Directeur du capital humain et de la communication<\/p><\/p>\n                                            <\/div>\n                <\/div>\n            <\/div>\n                    \n            <div class=\"eael-image-accordion-hover eael-image-accordion-item\" style=\"background-image: url(https:\/\/demo.cmd.cd\/wp-content\/uploads\/2024\/06\/14.jpg);\"  tabindex=\"1\">\n                <div class=\"overlay\">\n                    <div class=\"overlay-inner\">\n                        <h2 class=\"img-accordion-title\">Armel Kalume<\/h2>                            <p><p>Gestionnaire communication et marketing<\/p><\/p>\n                                            <\/div>\n                <\/div>\n            <\/div>\n                    \n            <div class=\"eael-image-accordion-hover eael-image-accordion-item\" style=\"background-image: url(https:\/\/demo.cmd.cd\/wp-content\/uploads\/2024\/06\/15.jpg);\"  tabindex=\"2\">\n                <div class=\"overlay\">\n                    <div class=\"overlay-inner\">\n                        <h2 class=\"img-accordion-title\">Richy Manzo<\/h2>                            <p><p>Chef du service de facturation<\/p><\/p>\n                                            <\/div>\n                <\/div>\n            <\/div>\n                    \n            <div class=\"eael-image-accordion-hover eael-image-accordion-item\" style=\"background-image: url(https:\/\/demo.cmd.cd\/wp-content\/uploads\/2024\/06\/16.jpg);\"  tabindex=\"3\">\n                <div class=\"overlay\">\n                    <div class=\"overlay-inner\">\n                        <h2 class=\"img-accordion-title\">Blandine Nzadi<\/h2>                            <p><p>Cheffe de l&rsquo;imagerie m\u00e9dicale<\/p><\/p>\n                                            <\/div>\n                <\/div>\n            <\/div>\n                <\/div>\n        <style typr=\"text\/css\">\n                    #eael-img-accordion-f192330 .eael-image-accordion-hover:hover {\n                        flex: 3 1 0% !important;\n                    }\n                    #eael-img-accordion-f192330 .eael-image-accordion-hover:hover:hover .overlay-inner * {\n                        opacity: 1;\n                        visibility: visible;\n                        transform: none;\n                        transition: all .3s .3s;\n                    }\n                <\/style>\t\t<\/div>\n\t\t\t\t<\/div>\n\t\t\t\t<div class=\"elementor-element elementor-element-430294d elementor-invisible elementor-widget elementor-widget-eael-image-accordion\" data-id=\"430294d\" data-element_type=\"widget\" data-settings=\"{&quot;_animation&quot;:&quot;fadeIn&quot;}\" data-widget_type=\"eael-image-accordion.default\">\n\t\t\t\t<div class=\"elementor-widget-container\">\n\t\t\t    <div class=\"eael-img-accordion accordion-direction-horizontal eael-img-accordion-horizontal-align-center eael-img-accordion-vertical-align-bottom\" id=\"eael-img-accordion-430294d\" data-img-accordion-id=\"430294d\" data-img-accordion-type=\"on-hover\">\n                    \n            <div class=\"eael-image-accordion-hover eael-image-accordion-item\" style=\"background-image: url(https:\/\/demo.cmd.cd\/wp-content\/uploads\/2024\/06\/17.jpg);\"  tabindex=\"0\">\n                <div class=\"overlay\">\n                    <div class=\"overlay-inner\">\n                        <h2 class=\"img-accordion-title\">Serge Mbokolo<\/h2>                            <p><p>Chef de service IT<\/p><\/p>\n                                            <\/div>\n                <\/div>\n            <\/div>\n                    \n            <div class=\"eael-image-accordion-hover eael-image-accordion-item\" style=\"background-image: url(https:\/\/demo.cmd.cd\/wp-content\/uploads\/2024\/06\/18.jpg);\"  tabindex=\"1\">\n                <div class=\"overlay\">\n                    <div class=\"overlay-inner\">\n                        <h2 class=\"img-accordion-title\">Solange Ntumba<\/h2>                            <p><p>Cheffe du service de laboratoire<\/p><\/p>\n                                            <\/div>\n                <\/div>\n            <\/div>\n                    \n            <div class=\"eael-image-accordion-hover eael-image-accordion-item\" style=\"background-image: url(https:\/\/demo.cmd.cd\/wp-content\/uploads\/2024\/06\/19.jpg);\"  tabindex=\"2\">\n                <div class=\"overlay\">\n                    <div class=\"overlay-inner\">\n                        <h2 class=\"img-accordion-title\">Mich\u00e8le Poaty<\/h2>                            <p><p>Cheffe de la pharmacie<\/p><\/p>\n                                            <\/div>\n                <\/div>\n            <\/div>\n                    \n            <div class=\"eael-image-accordion-hover eael-image-accordion-item\" style=\"background-image: url(https:\/\/demo.cmd.cd\/wp-content\/uploads\/2024\/06\/20.jpg);\"  tabindex=\"3\">\n                <div class=\"overlay\">\n                    <div class=\"overlay-inner\">\n                        <h2 class=\"img-accordion-title\">Guylain Tshuy<\/h2>                            <p><p>Chef du service de laboratoire<\/p><\/p>\n                                            <\/div>\n                <\/div>\n            <\/div>\n                <\/div>\n        <style typr=\"text\/css\">\n                    #eael-img-accordion-430294d .eael-image-accordion-hover:hover {\n                        flex: 3 1 0% !important;\n                    }\n                    #eael-img-accordion-430294d .eael-image-accordion-hover:hover:hover .overlay-inner * {\n                        opacity: 1;\n                        visibility: visible;\n                        transform: none;\n                        transition: all .3s .3s;\n                    }\n                <\/style>\t\t<\/div>\n\t\t\t\t<\/div>\n\t\t\t\t<div class=\"elementor-element elementor-element-9b88b96 elementor-invisible elementor-widget elementor-widget-eael-image-accordion\" data-id=\"9b88b96\" data-element_type=\"widget\" data-settings=\"{&quot;_animation&quot;:&quot;fadeIn&quot;}\" data-widget_type=\"eael-image-accordion.default\">\n\t\t\t\t<div class=\"elementor-widget-container\">\n\t\t\t    <div class=\"eael-img-accordion accordion-direction-horizontal eael-img-accordion-horizontal-align-center eael-img-accordion-vertical-align-bottom\" id=\"eael-img-accordion-9b88b96\" data-img-accordion-id=\"9b88b96\" data-img-accordion-type=\"on-hover\">\n                    \n            <div class=\"eael-image-accordion-hover eael-image-accordion-item\" style=\"background-image: url(https:\/\/demo.cmd.cd\/wp-content\/uploads\/2024\/06\/21.jpg);\"  tabindex=\"0\">\n                <div class=\"overlay\">\n                    <div class=\"overlay-inner\">\n                        <h2 class=\"img-accordion-title\">Leila Lusamba<\/h2>                            <p><p>Cheffe du secr\u00e9tariat<\/p><\/p>\n                                            <\/div>\n                <\/div>\n            <\/div>\n                    \n            <div class=\"eael-image-accordion-hover eael-image-accordion-item\" style=\"background-image: url(https:\/\/demo.cmd.cd\/wp-content\/uploads\/2024\/06\/22.jpg);\"  tabindex=\"1\">\n                <div class=\"overlay\">\n                    <div class=\"overlay-inner\">\n                        <h2 class=\"img-accordion-title\">Imani Chiragarula<\/h2>                            <p><p>Cheffe du secr\u00e9tariat<\/p><\/p>\n                                            <\/div>\n                <\/div>\n            <\/div>\n                    \n            <div class=\"eael-image-accordion-hover eael-image-accordion-item\" style=\"background-image: url(https:\/\/demo.cmd.cd\/wp-content\/uploads\/2024\/06\/23.jpg);\"  tabindex=\"2\">\n                <div class=\"overlay\">\n                    <div class=\"overlay-inner\">\n                        <h2 class=\"img-accordion-title\">Manisha Nathani<\/h2>                            <p><p>Gestionnaire de l&rsquo;approvisionnement<\/p><\/p>\n                                            <\/div>\n                <\/div>\n            <\/div>\n                    \n            <div class=\"eael-image-accordion-hover eael-image-accordion-item\" style=\"background-image: url(https:\/\/demo.cmd.cd\/wp-content\/uploads\/2024\/06\/24.jpg);\"  tabindex=\"3\">\n                <div class=\"overlay\">\n                    <div class=\"overlay-inner\">\n                        <h2 class=\"img-accordion-title\">Hafis Rajwani<\/h2>                            <p><p>Contr\u00f4leur de stocks<\/p><\/p>\n                                            <\/div>\n                <\/div>\n            <\/div>\n                <\/div>\n        <style typr=\"text\/css\">\n                    #eael-img-accordion-9b88b96 .eael-image-accordion-hover:hover {\n                        flex: 3 1 0% !important;\n                    }\n                    #eael-img-accordion-9b88b96 .eael-image-accordion-hover:hover:hover .overlay-inner * {\n                        opacity: 1;\n                        visibility: visible;\n                        transform: none;\n                        transition: all .3s .3s;\n                    }\n                <\/style>\t\t<\/div>\n\t\t\t\t<\/div>\n\t\t\t\t\t<\/div>\n\t\t\t\t<\/div>\n\t\t\t\t\t\t\t<\/div>","protected":false},"excerpt":{"rendered":"<p>Mr Mohamed Tajdin Pr\u00e9sident du conseil d&#8217;administration Mme Zarina Tajdin Fondatrice du groupe Clinique Diamant Mr Rahim Tajdin Directeur g\u00e9n\u00e9ral Kinshasa Mr Karim Tajdin Directeur g\u00e9n\u00e9ral Lubumbashi Mme Kamila Nazari Directrice ex\u00e9cutive Kinshasa Mme Nurin Tajdin Directrice ex\u00e9cutive Patricia Malila Directrice des soins infirmiers Mohamad Ali Khalife Sous-directeur responsable des audits infirmiers Marie-Th\u00e9r\u00e8se Kyena Sous-directrice [&hellip;]<\/p>","protected":false},"author":1,"featured_media":0,"parent":0,"menu_order":0,"comment_status":"closed","ping_status":"closed","template":"elementor_header_footer","meta":{"_acf_changed":false,"footnotes":""},"class_list":["post-591","page","type-page","status-publish","hentry"],"acf":[],"yoast_head":"<!-- This site is optimized with the Yoast SEO plugin v25.8 - https:\/\/yoast.com\/wordpress\/plugins\/seo\/ -->\n<title>Notre \u00e9quipe - Centre M\u00e9dical Diamant<\/title>\n<meta name=\"robots\" content=\"index, follow, max-snippet:-1, max-image-preview:large, max-video-preview:-1\" \/>\n<link rel=\"canonical\" href=\"https:\/\/demo.cmd.cd\/en\/notre-equipe\/\" \/>\n<meta property=\"og:locale\" content=\"en_US\" \/>\n<meta property=\"og:type\" content=\"article\" \/>\n<meta property=\"og:title\" content=\"Notre \u00e9quipe - Centre M\u00e9dical Diamant\" \/>\n<meta property=\"og:description\" content=\"Mr Mohamed Tajdin Pr\u00e9sident du conseil d&#8217;administration Mme Zarina Tajdin Fondatrice du groupe Clinique Diamant Mr Rahim Tajdin Directeur g\u00e9n\u00e9ral Kinshasa Mr Karim Tajdin Directeur g\u00e9n\u00e9ral Lubumbashi Mme Kamila Nazari Directrice ex\u00e9cutive Kinshasa Mme Nurin Tajdin Directrice ex\u00e9cutive Patricia Malila Directrice des soins infirmiers Mohamad Ali Khalife Sous-directeur responsable des audits infirmiers Marie-Th\u00e9r\u00e8se Kyena Sous-directrice [&hellip;]\" \/>\n<meta property=\"og:url\" content=\"https:\/\/demo.cmd.cd\/en\/notre-equipe\/\" \/>\n<meta property=\"og:site_name\" content=\"Centre M\u00e9dical Diamant\" \/>\n<meta property=\"article:modified_time\" content=\"2024-06-14T15:46:32+00:00\" \/>\n<meta name=\"twitter:card\" content=\"summary_large_image\" \/>\n<meta name=\"twitter:label1\" content=\"Est. reading time\" \/>\n\t<meta name=\"twitter:data1\" content=\"1 minute\" \/>\n<script type=\"application\/ld+json\" class=\"yoast-schema-graph\">{\"@context\":\"https:\/\/schema.org\",\"@graph\":[{\"@type\":\"WebPage\",\"@id\":\"https:\/\/demo.cmd.cd\/notre-equipe\/\",\"url\":\"https:\/\/demo.cmd.cd\/notre-equipe\/\",\"name\":\"Notre \u00e9quipe - Centre M\u00e9dical Diamant\",\"isPartOf\":{\"@id\":\"https:\/\/demo.cmd.cd\/#website\"},\"datePublished\":\"2024-06-14T15:19:31+00:00\",\"dateModified\":\"2024-06-14T15:46:32+00:00\",\"breadcrumb\":{\"@id\":\"https:\/\/demo.cmd.cd\/notre-equipe\/#breadcrumb\"},\"inLanguage\":\"en-US\",\"potentialAction\":[{\"@type\":\"ReadAction\",\"target\":[\"https:\/\/demo.cmd.cd\/notre-equipe\/\"]}]},{\"@type\":\"BreadcrumbList\",\"@id\":\"https:\/\/demo.cmd.cd\/notre-equipe\/#breadcrumb\",\"itemListElement\":[{\"@type\":\"ListItem\",\"position\":1,\"name\":\"Home\",\"item\":\"https:\/\/demo.cmd.cd\/\"},{\"@type\":\"ListItem\",\"position\":2,\"name\":\"Notre \u00e9quipe\"}]},{\"@type\":\"WebSite\",\"@id\":\"https:\/\/demo.cmd.cd\/#website\",\"url\":\"https:\/\/demo.cmd.cd\/\",\"name\":\"Centre M\u00e9dical Diamant\",\"description\":\"Votre sant\u00e9 , notre priorit\u00e9\",\"publisher\":{\"@id\":\"https:\/\/demo.cmd.cd\/#organization\"},\"potentialAction\":[{\"@type\":\"SearchAction\",\"target\":{\"@type\":\"EntryPoint\",\"urlTemplate\":\"https:\/\/demo.cmd.cd\/?s={search_term_string}\"},\"query-input\":{\"@type\":\"PropertyValueSpecification\",\"valueRequired\":true,\"valueName\":\"search_term_string\"}}],\"inLanguage\":\"en-US\"},{\"@type\":\"Organization\",\"@id\":\"https:\/\/demo.cmd.cd\/#organization\",\"name\":\"Centre M\u00e9dical Diamant\",\"url\":\"https:\/\/demo.cmd.cd\/\",\"logo\":{\"@type\":\"ImageObject\",\"inLanguage\":\"en-US\",\"@id\":\"https:\/\/demo.cmd.cd\/#\/schema\/logo\/image\/\",\"url\":\"https:\/\/demo.cmd.cd\/wp-content\/uploads\/2024\/01\/logo-hight-CMD-scaled.jpg\",\"contentUrl\":\"https:\/\/demo.cmd.cd\/wp-content\/uploads\/2024\/01\/logo-hight-CMD-scaled.jpg\",\"width\":2560,\"height\":1811,\"caption\":\"Centre M\u00e9dical Diamant\"},\"image\":{\"@id\":\"https:\/\/demo.cmd.cd\/#\/schema\/logo\/image\/\"}}]}<\/script>\n<!-- \/ Yoast SEO plugin. -->","yoast_head_json":{"title":"Notre \u00e9quipe - Centre M\u00e9dical Diamant","robots":{"index":"index","follow":"follow","max-snippet":"max-snippet:-1","max-image-preview":"max-image-preview:large","max-video-preview":"max-video-preview:-1"},"canonical":"https:\/\/demo.cmd.cd\/en\/notre-equipe\/","og_locale":"en_US","og_type":"article","og_title":"Notre \u00e9quipe - Centre M\u00e9dical Diamant","og_description":"Mr Mohamed Tajdin Pr\u00e9sident du conseil d&#8217;administration Mme Zarina Tajdin Fondatrice du groupe Clinique Diamant Mr Rahim Tajdin Directeur g\u00e9n\u00e9ral Kinshasa Mr Karim Tajdin Directeur g\u00e9n\u00e9ral Lubumbashi Mme Kamila Nazari Directrice ex\u00e9cutive Kinshasa Mme Nurin Tajdin Directrice ex\u00e9cutive Patricia Malila Directrice des soins infirmiers Mohamad Ali Khalife Sous-directeur responsable des audits infirmiers Marie-Th\u00e9r\u00e8se Kyena Sous-directrice [&hellip;]","og_url":"https:\/\/demo.cmd.cd\/en\/notre-equipe\/","og_site_name":"Centre M\u00e9dical Diamant","article_modified_time":"2024-06-14T15:46:32+00:00","twitter_card":"summary_large_image","twitter_misc":{"Est. reading time":"1 minute"},"schema":{"@context":"https:\/\/schema.org","@graph":[{"@type":"WebPage","@id":"https:\/\/demo.cmd.cd\/notre-equipe\/","url":"https:\/\/demo.cmd.cd\/notre-equipe\/","name":"Notre \u00e9quipe - Centre M\u00e9dical Diamant","isPartOf":{"@id":"https:\/\/demo.cmd.cd\/#website"},"datePublished":"2024-06-14T15:19:31+00:00","dateModified":"2024-06-14T15:46:32+00:00","breadcrumb":{"@id":"https:\/\/demo.cmd.cd\/notre-equipe\/#breadcrumb"},"inLanguage":"en-US","potentialAction":[{"@type":"ReadAction","target":["https:\/\/demo.cmd.cd\/notre-equipe\/"]}]},{"@type":"BreadcrumbList","@id":"https:\/\/demo.cmd.cd\/notre-equipe\/#breadcrumb","itemListElement":[{"@type":"ListItem","position":1,"name":"Home","item":"https:\/\/demo.cmd.cd\/"},{"@type":"ListItem","position":2,"name":"Notre \u00e9quipe"}]},{"@type":"WebSite","@id":"https:\/\/demo.cmd.cd\/#website","url":"https:\/\/demo.cmd.cd\/","name":"Centre M\u00e9dical Diamant","description":"Votre sant\u00e9 , notre priorit\u00e9","publisher":{"@id":"https:\/\/demo.cmd.cd\/#organization"},"potentialAction":[{"@type":"SearchAction","target":{"@type":"EntryPoint","urlTemplate":"https:\/\/demo.cmd.cd\/?s={search_term_string}"},"query-input":{"@type":"PropertyValueSpecification","valueRequired":true,"valueName":"search_term_string"}}],"inLanguage":"en-US"},{"@type":"Organization","@id":"https:\/\/demo.cmd.cd\/#organization","name":"Centre M\u00e9dical Diamant","url":"https:\/\/demo.cmd.cd\/","logo":{"@type":"ImageObject","inLanguage":"en-US","@id":"https:\/\/demo.cmd.cd\/#\/schema\/logo\/image\/","url":"https:\/\/demo.cmd.cd\/wp-content\/uploads\/2024\/01\/logo-hight-CMD-scaled.jpg","contentUrl":"https:\/\/demo.cmd.cd\/wp-content\/uploads\/2024\/01\/logo-hight-CMD-scaled.jpg","width":2560,"height":1811,"caption":"Centre M\u00e9dical Diamant"},"image":{"@id":"https:\/\/demo.cmd.cd\/#\/schema\/logo\/image\/"}}]}},"_links":{"self":[{"href":"https:\/\/demo.cmd.cd\/en\/wp-json\/wp\/v2\/pages\/591","targetHints":{"allow":["GET"]}}],"collection":[{"href":"https:\/\/demo.cmd.cd\/en\/wp-json\/wp\/v2\/pages"}],"about":[{"href":"https:\/\/demo.cmd.cd\/en\/wp-json\/wp\/v2\/types\/page"}],"author":[{"embeddable":true,"href":"https:\/\/demo.cmd.cd\/en\/wp-json\/wp\/v2\/users\/1"}],"replies":[{"embeddable":true,"href":"https:\/\/demo.cmd.cd\/en\/wp-json\/wp\/v2\/comments?post=591"}],"version-history":[{"count":26,"href":"https:\/\/demo.cmd.cd\/en\/wp-json\/wp\/v2\/pages\/591\/revisions"}],"predecessor-version":[{"id":660,"href":"https:\/\/demo.cmd.cd\/en\/wp-json\/wp\/v2\/pages\/591\/revisions\/660"}],"wp:attachment":[{"href":"https:\/\/demo.cmd.cd\/en\/wp-json\/wp\/v2\/media?parent=591"}],"curies":[{"name":"wp","href":"https:\/\/api.w.org\/{rel}","templated":true}]}}